{"id":3018,"date":"2019-07-20T16:50:01","date_gmt":"2019-07-20T14:50:01","guid":{"rendered":"http:\/\/krehky.cz\/?post_type=product&#038;p=3018"},"modified":"2023-09-28T10:48:23","modified_gmt":"2023-09-28T08:48:23","slug":"snow-vase-2010","status":"publish","type":"product","link":"https:\/\/www.krehky.cz\/en\/product\/snow-vase-2010\/","title":{"rendered":"Snow Vase 2010"},"content":{"rendered":"<p>For three years in a row (2010, 2011, 2012) Maxim Vel\u010dovsk\u00fd modeled vases of snow and casted them in plaster. Various kinds of snow from various places thus gave birth to a unique collection of vases which reflect both time and the processes of hardening and melting which often, during their production, worked against each other. While the snow model was melting, the plaster form was simultaneously hardening. Water worked against water. Consider powder snow, firn, over-frozen snow, melting snow, brooks. This is the snow of 2010, from the Prague district of Bubene\u010d.<\/p>\n","protected":false},"excerpt":{"rendered":"<p>For three years in a row (2010, 2011, 2012) Maxim Vel\u010dovsk\u00fd modeled vases of snow and casted them in plaster. Various kinds of snow from various places thus gave birth to a unique collection of vases which reflect both time and the processes of hardening and melting which often, during their production, worked against each [&hellip;]<\/p>\n","protected":false},"featured_media":2903,"template":"","meta":{"_acf_changed":false,"_monsterinsights_skip_tracking":false,"_monsterinsights_sitenote_active":false,"_monsterinsights_sitenote_note":"","_monsterinsights_sitenote_category":0,"jetpack_post_was_ever_published":false,"jetpack_publicize_message":"","jetpack_publicize_feature_enabled":true,"jetpack_social_post_already_shared":true,"jetpack_social_options":{"image_generator_settings":{"template":"highway","default_image_id":0,"font":"","enabled":false},"version":2}},"product_brand":[],"product_cat":[142,40],"product_tag":[453],"class_list":{"0":"post-3018","1":"product","2":"type-product","3":"status-publish","4":"has-post-thumbnail","6":"product_cat-maxim_velcovsky","7":"product_cat-vases","8":"product_tag-sold-out-cz","10":"first","11":"outofstock","12":"taxable","13":"shipping-taxable","14":"purchasable","15":"product-type-simple"},"acf":[],"yoast_head":"<!-- This site is optimized with the Yoast SEO plugin v27.4 - https:\/\/yoast.com\/product\/yoast-seo-wordpress\/ -->\n<title>K\u0159ehk\u00fd | K\u0159ehk\u00fd gallery Snow Vase 2010<\/title>\n<meta name=\"description\" content=\"\u010cesk\u00e1 zna\u010dka a galerie K\u0159ehk\u00fd nab\u00edz\u00ed tvorbu p\u0159edn\u00edch \u010desk\u00fdch design\u00e9r\u016f. Navazuje na dlouhou tradici \u010desk\u00e9 um\u011bleckopr\u016fmyslov\u00e9 v\u00fdroby a p\u0159in\u00e1\u0161\u00ed do na\u0161ich domov\u016f p\u0159edm\u011bty, kter\u00e9 dok\u00e1\u017e\u00ed prom\u011bnit v\u0161edn\u00ed okam\u017eiky v mimo\u0159\u00e1dn\u00e9. V\u0161echny p\u0159edm\u011bty K\u0159ehk\u00fd jsou vyrobeny v tradi\u010dn\u00edch manufaktur\u00e1ch v \u010cesk\u00e9 republice. Porcel\u00e1n, sklo, d\u0159evo. Mistrovstv\u00ed \u017eiven\u00e9 dlouhou tradic\u00ed \u0159emesel.\" \/>\n<meta name=\"robots\" content=\"index, follow, max-snippet:-1, max-image-preview:large, max-video-preview:-1\" \/>\n<link rel=\"canonical\" href=\"https:\/\/www.krehky.cz\/en\/product\/snow-vase-2010\/\" \/>\n<meta property=\"og:locale\" content=\"en_US\" \/>\n<meta property=\"og:type\" content=\"article\" \/>\n<meta property=\"og:title\" content=\"K\u0159ehk\u00fd | K\u0159ehk\u00fd gallery Snow Vase 2010\" \/>\n<meta property=\"og:description\" content=\"\u010cesk\u00e1 zna\u010dka a galerie K\u0159ehk\u00fd nab\u00edz\u00ed tvorbu p\u0159edn\u00edch \u010desk\u00fdch design\u00e9r\u016f. Navazuje na dlouhou tradici \u010desk\u00e9 um\u011bleckopr\u016fmyslov\u00e9 v\u00fdroby a p\u0159in\u00e1\u0161\u00ed do na\u0161ich domov\u016f p\u0159edm\u011bty, kter\u00e9 dok\u00e1\u017e\u00ed prom\u011bnit v\u0161edn\u00ed okam\u017eiky v mimo\u0159\u00e1dn\u00e9. V\u0161echny p\u0159edm\u011bty K\u0159ehk\u00fd jsou vyrobeny v tradi\u010dn\u00edch manufaktur\u00e1ch v \u010cesk\u00e9 republice. Porcel\u00e1n, sklo, d\u0159evo. Mistrovstv\u00ed \u017eiven\u00e9 dlouhou tradic\u00ed \u0159emesel.\" \/>\n<meta property=\"og:url\" content=\"https:\/\/www.krehky.cz\/en\/product\/snow-vase-2010\/\" \/>\n<meta property=\"og:site_name\" content=\"K\u0159ehk\u00fd | K\u0159ehk\u00fd gallery\" \/>\n<meta property=\"article:modified_time\" content=\"2023-09-28T08:48:23+00:00\" \/>\n<meta property=\"og:image\" content=\"https:\/\/www.krehky.cz\/wp-content\/uploads\/2019\/07\/Sn\u011bhov\u00e1-v\u00e1za-2010_compressed-scaled.jpg\" \/>\n\t<meta property=\"og:image:width\" content=\"1920\" \/>\n\t<meta property=\"og:image:height\" content=\"2560\" \/>\n\t<meta property=\"og:image:type\" content=\"image\/jpeg\" \/>\n<meta name=\"twitter:card\" content=\"summary_large_image\" \/>\n<meta name=\"twitter:label1\" content=\"Est. reading time\" \/>\n\t<meta name=\"twitter:data1\" content=\"1 minute\" \/>\n<script type=\"application\/ld+json\" class=\"yoast-schema-graph\">{\"@context\":\"https:\\\/\\\/schema.org\",\"@graph\":[{\"@type\":\"WebPage\",\"@id\":\"https:\\\/\\\/www.krehky.cz\\\/en\\\/product\\\/snow-vase-2010\\\/\",\"url\":\"https:\\\/\\\/www.krehky.cz\\\/en\\\/product\\\/snow-vase-2010\\\/\",\"name\":\"K\u0159ehk\u00fd | K\u0159ehk\u00fd gallery Snow Vase 2010\",\"isPartOf\":{\"@id\":\"https:\\\/\\\/www.krehky.cz\\\/#website\"},\"primaryImageOfPage\":{\"@id\":\"https:\\\/\\\/www.krehky.cz\\\/en\\\/product\\\/snow-vase-2010\\\/#primaryimage\"},\"image\":{\"@id\":\"https:\\\/\\\/www.krehky.cz\\\/en\\\/product\\\/snow-vase-2010\\\/#primaryimage\"},\"thumbnailUrl\":\"https:\\\/\\\/www.krehky.cz\\\/wp-content\\\/uploads\\\/2019\\\/07\\\/Sn\u011bhov\u00e1-v\u00e1za-2010_compressed-scaled.jpg\",\"datePublished\":\"2019-07-20T14:50:01+00:00\",\"dateModified\":\"2023-09-28T08:48:23+00:00\",\"description\":\"\u010cesk\u00e1 zna\u010dka a galerie K\u0159ehk\u00fd nab\u00edz\u00ed tvorbu p\u0159edn\u00edch \u010desk\u00fdch design\u00e9r\u016f. Navazuje na dlouhou tradici \u010desk\u00e9 um\u011bleckopr\u016fmyslov\u00e9 v\u00fdroby a p\u0159in\u00e1\u0161\u00ed do na\u0161ich domov\u016f p\u0159edm\u011bty, kter\u00e9 dok\u00e1\u017e\u00ed prom\u011bnit v\u0161edn\u00ed okam\u017eiky v mimo\u0159\u00e1dn\u00e9. V\u0161echny p\u0159edm\u011bty K\u0159ehk\u00fd jsou vyrobeny v tradi\u010dn\u00edch manufaktur\u00e1ch v \u010cesk\u00e9 republice. Porcel\u00e1n, sklo, d\u0159evo. Mistrovstv\u00ed \u017eiven\u00e9 dlouhou tradic\u00ed \u0159emesel.\",\"breadcrumb\":{\"@id\":\"https:\\\/\\\/www.krehky.cz\\\/en\\\/product\\\/snow-vase-2010\\\/#breadcrumb\"},\"inLanguage\":\"en-US\",\"potentialAction\":[{\"@type\":\"ReadAction\",\"target\":[\"https:\\\/\\\/www.krehky.cz\\\/en\\\/product\\\/snow-vase-2010\\\/\"]}]},{\"@type\":\"ImageObject\",\"inLanguage\":\"en-US\",\"@id\":\"https:\\\/\\\/www.krehky.cz\\\/en\\\/product\\\/snow-vase-2010\\\/#primaryimage\",\"url\":\"https:\\\/\\\/www.krehky.cz\\\/wp-content\\\/uploads\\\/2019\\\/07\\\/Sn\u011bhov\u00e1-v\u00e1za-2010_compressed-scaled.jpg\",\"contentUrl\":\"https:\\\/\\\/www.krehky.cz\\\/wp-content\\\/uploads\\\/2019\\\/07\\\/Sn\u011bhov\u00e1-v\u00e1za-2010_compressed-scaled.jpg\",\"width\":1920,\"height\":2560},{\"@type\":\"BreadcrumbList\",\"@id\":\"https:\\\/\\\/www.krehky.cz\\\/en\\\/product\\\/snow-vase-2010\\\/#breadcrumb\",\"itemListElement\":[{\"@type\":\"ListItem\",\"position\":1,\"name\":\"Home\",\"item\":\"https:\\\/\\\/www.krehky.cz\\\/en\\\/\"},{\"@type\":\"ListItem\",\"position\":2,\"name\":\"Store\",\"item\":\"https:\\\/\\\/www.krehky.cz\\\/en\\\/store\\\/\"},{\"@type\":\"ListItem\",\"position\":3,\"name\":\"Snow Vase 2010\"}]},{\"@type\":\"WebSite\",\"@id\":\"https:\\\/\\\/www.krehky.cz\\\/#website\",\"url\":\"https:\\\/\\\/www.krehky.cz\\\/\",\"name\":\"K\u0159ehk\u00fd | K\u0159ehk\u00fd gallery\",\"description\":\"\u010cesk\u00e1 zna\u010dka a galerie K\u0159ehk\u00fd nab\u00edz\u00ed tvorbu p\u0159edn\u00edch \u010desk\u00fdch design\u00e9r\u016f. Navazuje na dlouhou tradici \u010desk\u00e9 um\u011bleckopr\u016fmyslov\u00e9 v\u00fdroby a p\u0159in\u00e1\u0161\u00ed do na\u0161ich domov\u016f p\u0159edm\u011bty, kter\u00e9 dok\u00e1\u017e\u00ed prom\u011bnit v\u0161edn\u00ed okam\u017eiky v mimo\u0159\u00e1dn\u00e9. V\u0161echny p\u0159edm\u011bty K\u0159ehk\u00fd jsou vyrobeny v tradi\u010dn\u00edch manufaktur\u00e1ch v \u010cesk\u00e9 republice. Porcel\u00e1n, sklo, d\u0159evo. Mistrovstv\u00ed \u017eiven\u00e9 dlouhou tradic\u00ed \u0159emesel.\",\"publisher\":{\"@id\":\"https:\\\/\\\/www.krehky.cz\\\/#organization\"},\"potentialAction\":[{\"@type\":\"SearchAction\",\"target\":{\"@type\":\"EntryPoint\",\"urlTemplate\":\"https:\\\/\\\/www.krehky.cz\\\/?s={search_term_string}\"},\"query-input\":{\"@type\":\"PropertyValueSpecification\",\"valueRequired\":true,\"valueName\":\"search_term_string\"}}],\"inLanguage\":\"en-US\"},{\"@type\":\"Organization\",\"@id\":\"https:\\\/\\\/www.krehky.cz\\\/#organization\",\"name\":\"K\u0159ehk\u00fd\",\"url\":\"https:\\\/\\\/www.krehky.cz\\\/\",\"logo\":{\"@type\":\"ImageObject\",\"inLanguage\":\"en-US\",\"@id\":\"https:\\\/\\\/www.krehky.cz\\\/#\\\/schema\\\/logo\\\/image\\\/\",\"url\":\"https:\\\/\\\/www.krehky.cz\\\/wp-content\\\/uploads\\\/2019\\\/09\\\/og-image.jpg\",\"contentUrl\":\"https:\\\/\\\/www.krehky.cz\\\/wp-content\\\/uploads\\\/2019\\\/09\\\/og-image.jpg\",\"width\":830,\"height\":435,\"caption\":\"K\u0159ehk\u00fd\"},\"image\":{\"@id\":\"https:\\\/\\\/www.krehky.cz\\\/#\\\/schema\\\/logo\\\/image\\\/\"}}]}<\/script>\n<!-- \/ Yoast SEO plugin. -->","yoast_head_json":{"title":"K\u0159ehk\u00fd | K\u0159ehk\u00fd gallery Snow Vase 2010","description":"\u010cesk\u00e1 zna\u010dka a galerie K\u0159ehk\u00fd nab\u00edz\u00ed tvorbu p\u0159edn\u00edch \u010desk\u00fdch design\u00e9r\u016f. Navazuje na dlouhou tradici \u010desk\u00e9 um\u011bleckopr\u016fmyslov\u00e9 v\u00fdroby a p\u0159in\u00e1\u0161\u00ed do na\u0161ich domov\u016f p\u0159edm\u011bty, kter\u00e9 dok\u00e1\u017e\u00ed prom\u011bnit v\u0161edn\u00ed okam\u017eiky v mimo\u0159\u00e1dn\u00e9. V\u0161echny p\u0159edm\u011bty K\u0159ehk\u00fd jsou vyrobeny v tradi\u010dn\u00edch manufaktur\u00e1ch v \u010cesk\u00e9 republice. Porcel\u00e1n, sklo, d\u0159evo. Mistrovstv\u00ed \u017eiven\u00e9 dlouhou tradic\u00ed \u0159emesel.","robots":{"index":"index","follow":"follow","max-snippet":"max-snippet:-1","max-image-preview":"max-image-preview:large","max-video-preview":"max-video-preview:-1"},"canonical":"https:\/\/www.krehky.cz\/en\/product\/snow-vase-2010\/","og_locale":"en_US","og_type":"article","og_title":"K\u0159ehk\u00fd | K\u0159ehk\u00fd gallery Snow Vase 2010","og_description":"\u010cesk\u00e1 zna\u010dka a galerie K\u0159ehk\u00fd nab\u00edz\u00ed tvorbu p\u0159edn\u00edch \u010desk\u00fdch design\u00e9r\u016f. Navazuje na dlouhou tradici \u010desk\u00e9 um\u011bleckopr\u016fmyslov\u00e9 v\u00fdroby a p\u0159in\u00e1\u0161\u00ed do na\u0161ich domov\u016f p\u0159edm\u011bty, kter\u00e9 dok\u00e1\u017e\u00ed prom\u011bnit v\u0161edn\u00ed okam\u017eiky v mimo\u0159\u00e1dn\u00e9. V\u0161echny p\u0159edm\u011bty K\u0159ehk\u00fd jsou vyrobeny v tradi\u010dn\u00edch manufaktur\u00e1ch v \u010cesk\u00e9 republice. Porcel\u00e1n, sklo, d\u0159evo. Mistrovstv\u00ed \u017eiven\u00e9 dlouhou tradic\u00ed \u0159emesel.","og_url":"https:\/\/www.krehky.cz\/en\/product\/snow-vase-2010\/","og_site_name":"K\u0159ehk\u00fd | K\u0159ehk\u00fd gallery","article_modified_time":"2023-09-28T08:48:23+00:00","og_image":[{"width":1920,"height":2560,"url":"https:\/\/www.krehky.cz\/wp-content\/uploads\/2019\/07\/Sn\u011bhov\u00e1-v\u00e1za-2010_compressed-scaled.jpg","type":"image\/jpeg"}],"twitter_card":"summary_large_image","twitter_misc":{"Est. reading time":"1 minute"},"schema":{"@context":"https:\/\/schema.org","@graph":[{"@type":"WebPage","@id":"https:\/\/www.krehky.cz\/en\/product\/snow-vase-2010\/","url":"https:\/\/www.krehky.cz\/en\/product\/snow-vase-2010\/","name":"K\u0159ehk\u00fd | K\u0159ehk\u00fd gallery Snow Vase 2010","isPartOf":{"@id":"https:\/\/www.krehky.cz\/#website"},"primaryImageOfPage":{"@id":"https:\/\/www.krehky.cz\/en\/product\/snow-vase-2010\/#primaryimage"},"image":{"@id":"https:\/\/www.krehky.cz\/en\/product\/snow-vase-2010\/#primaryimage"},"thumbnailUrl":"https:\/\/www.krehky.cz\/wp-content\/uploads\/2019\/07\/Sn\u011bhov\u00e1-v\u00e1za-2010_compressed-scaled.jpg","datePublished":"2019-07-20T14:50:01+00:00","dateModified":"2023-09-28T08:48:23+00:00","description":"\u010cesk\u00e1 zna\u010dka a galerie K\u0159ehk\u00fd nab\u00edz\u00ed tvorbu p\u0159edn\u00edch \u010desk\u00fdch design\u00e9r\u016f. Navazuje na dlouhou tradici \u010desk\u00e9 um\u011bleckopr\u016fmyslov\u00e9 v\u00fdroby a p\u0159in\u00e1\u0161\u00ed do na\u0161ich domov\u016f p\u0159edm\u011bty, kter\u00e9 dok\u00e1\u017e\u00ed prom\u011bnit v\u0161edn\u00ed okam\u017eiky v mimo\u0159\u00e1dn\u00e9. V\u0161echny p\u0159edm\u011bty K\u0159ehk\u00fd jsou vyrobeny v tradi\u010dn\u00edch manufaktur\u00e1ch v \u010cesk\u00e9 republice. Porcel\u00e1n, sklo, d\u0159evo. Mistrovstv\u00ed \u017eiven\u00e9 dlouhou tradic\u00ed \u0159emesel.","breadcrumb":{"@id":"https:\/\/www.krehky.cz\/en\/product\/snow-vase-2010\/#breadcrumb"},"inLanguage":"en-US","potentialAction":[{"@type":"ReadAction","target":["https:\/\/www.krehky.cz\/en\/product\/snow-vase-2010\/"]}]},{"@type":"ImageObject","inLanguage":"en-US","@id":"https:\/\/www.krehky.cz\/en\/product\/snow-vase-2010\/#primaryimage","url":"https:\/\/www.krehky.cz\/wp-content\/uploads\/2019\/07\/Sn\u011bhov\u00e1-v\u00e1za-2010_compressed-scaled.jpg","contentUrl":"https:\/\/www.krehky.cz\/wp-content\/uploads\/2019\/07\/Sn\u011bhov\u00e1-v\u00e1za-2010_compressed-scaled.jpg","width":1920,"height":2560},{"@type":"BreadcrumbList","@id":"https:\/\/www.krehky.cz\/en\/product\/snow-vase-2010\/#breadcrumb","itemListElement":[{"@type":"ListItem","position":1,"name":"Home","item":"https:\/\/www.krehky.cz\/en\/"},{"@type":"ListItem","position":2,"name":"Store","item":"https:\/\/www.krehky.cz\/en\/store\/"},{"@type":"ListItem","position":3,"name":"Snow Vase 2010"}]},{"@type":"WebSite","@id":"https:\/\/www.krehky.cz\/#website","url":"https:\/\/www.krehky.cz\/","name":"K\u0159ehk\u00fd | K\u0159ehk\u00fd gallery","description":"\u010cesk\u00e1 zna\u010dka a galerie K\u0159ehk\u00fd nab\u00edz\u00ed tvorbu p\u0159edn\u00edch \u010desk\u00fdch design\u00e9r\u016f. Navazuje na dlouhou tradici \u010desk\u00e9 um\u011bleckopr\u016fmyslov\u00e9 v\u00fdroby a p\u0159in\u00e1\u0161\u00ed do na\u0161ich domov\u016f p\u0159edm\u011bty, kter\u00e9 dok\u00e1\u017e\u00ed prom\u011bnit v\u0161edn\u00ed okam\u017eiky v mimo\u0159\u00e1dn\u00e9. V\u0161echny p\u0159edm\u011bty K\u0159ehk\u00fd jsou vyrobeny v tradi\u010dn\u00edch manufaktur\u00e1ch v \u010cesk\u00e9 republice. Porcel\u00e1n, sklo, d\u0159evo. Mistrovstv\u00ed \u017eiven\u00e9 dlouhou tradic\u00ed \u0159emesel.","publisher":{"@id":"https:\/\/www.krehky.cz\/#organization"},"potentialAction":[{"@type":"SearchAction","target":{"@type":"EntryPoint","urlTemplate":"https:\/\/www.krehky.cz\/?s={search_term_string}"},"query-input":{"@type":"PropertyValueSpecification","valueRequired":true,"valueName":"search_term_string"}}],"inLanguage":"en-US"},{"@type":"Organization","@id":"https:\/\/www.krehky.cz\/#organization","name":"K\u0159ehk\u00fd","url":"https:\/\/www.krehky.cz\/","logo":{"@type":"ImageObject","inLanguage":"en-US","@id":"https:\/\/www.krehky.cz\/#\/schema\/logo\/image\/","url":"https:\/\/www.krehky.cz\/wp-content\/uploads\/2019\/09\/og-image.jpg","contentUrl":"https:\/\/www.krehky.cz\/wp-content\/uploads\/2019\/09\/og-image.jpg","width":830,"height":435,"caption":"K\u0159ehk\u00fd"},"image":{"@id":"https:\/\/www.krehky.cz\/#\/schema\/logo\/image\/"}}]}},"jetpack_publicize_connections":[],"jetpack_sharing_enabled":true,"_links":{"self":[{"href":"https:\/\/www.krehky.cz\/en\/wp-json\/wp\/v2\/product\/3018","targetHints":{"allow":["GET"]}}],"collection":[{"href":"https:\/\/www.krehky.cz\/en\/wp-json\/wp\/v2\/product"}],"about":[{"href":"https:\/\/www.krehky.cz\/en\/wp-json\/wp\/v2\/types\/product"}],"wp:featuredmedia":[{"embeddable":true,"href":"https:\/\/www.krehky.cz\/en\/wp-json\/wp\/v2\/media\/2903"}],"wp:attachment":[{"href":"https:\/\/www.krehky.cz\/en\/wp-json\/wp\/v2\/media?parent=3018"}],"wp:term":[{"taxonomy":"product_brand","embeddable":true,"href":"https:\/\/www.krehky.cz\/en\/wp-json\/wp\/v2\/product_brand?post=3018"},{"taxonomy":"product_cat","embeddable":true,"href":"https:\/\/www.krehky.cz\/en\/wp-json\/wp\/v2\/product_cat?post=3018"},{"taxonomy":"product_tag","embeddable":true,"href":"https:\/\/www.krehky.cz\/en\/wp-json\/wp\/v2\/product_tag?post=3018"}],"curies":[{"name":"wp","href":"https:\/\/api.w.org\/{rel}","templated":true}]}}